{"id":4439,"date":"2021-10-12T16:27:24","date_gmt":"2021-10-12T16:27:24","guid":{"rendered":"http:\/\/dummy.xtemos.com\/woodmart2\/elementor\/?page_id=4439"},"modified":"2026-01-06T14:17:34","modified_gmt":"2026-01-06T11:17:34","slug":"faq","status":"publish","type":"page","link":"https:\/\/barcelonatextileexpo.com\/es\/faq\/","title":{"rendered":"Preguntas Frecuentes"},"content":{"rendered":"<div data-elementor-type=\"wp-page\" data-elementor-id=\"4439\" class=\"elementor elementor-4439\">\n\t\t\t\t\t\t<section class=\"elementor-section elementor-top-section elementor-element elementor-element-1c9344a2 elementor-section-full_width elementor-section-height-default elementor-section-height-default wd-section-disabled\" data-id=\"1c9344a2\" data-element_type=\"section\">\n\t\t\t\t\t\t<div class=\"elementor-container elementor-column-gap-default\">\n\t\t\t\t\t<div class=\"elementor-column elementor-col-100 elementor-top-column elementor-element elementor-element-a4e7846\" data-id=\"a4e7846\" data-element_type=\"column\">\n\t\t\t<div class=\"elementor-widget-wrap elementor-element-populated\">\n\t\t\t\t\t\t<div class=\"elementor-element elementor-element-779d5db5 elementor-widget elementor-widget-wd_title\" data-id=\"779d5db5\" data-element_type=\"widget\" data-widget_type=\"wd_title.default\">\n\t\t\t\t<div class=\"elementor-widget-container\">\n\t\t\t\t\t\t\t\t<link rel=\"stylesheet\" id=\"wd-section-title-css\" href=\"https:\/\/barcelonatextileexpo.com\/wp-content\/themes\/woodmart\/css\/parts\/el-section-title.min.css?ver=6.2.3\" type=\"text\/css\" media=\"all\" \/> \t\t\t\t\t<div class=\"title-wrapper set-mb-s reset-last-child wd-title-color-default wd-title-style-default wd-title-size-default text-left\">\n\n\t\t\t\n\t\t\t<div class=\"liner-continer\">\n\t\t\t\t<h4 class=\"woodmart-title-container title wd-fontsize-l\"><h1>Sobre el evento<\/h4> \n\t\t\t\t\t\t\t<\/div>\n\n\t\t\t\t\t<\/div>\n\t\t\t\t\t\t<\/div>\n\t\t\t\t<\/div>\n\t\t\t\t<div class=\"elementor-element elementor-element-22ca346 elementor-widget elementor-widget-wd_accordion\" data-id=\"22ca346\" data-element_type=\"widget\" data-widget_type=\"wd_accordion.default\">\n\t\t\t\t<div class=\"elementor-widget-container\">\n\t\t\t\t\t\t\t\t<link rel=\"stylesheet\" id=\"wd-accordion-css\" href=\"https:\/\/barcelonatextileexpo.com\/wp-content\/themes\/woodmart\/css\/parts\/el-accordion.min.css?ver=6.2.3\" type=\"text\/css\" media=\"all\" \/> \t\t\t\n\t\t<div class=\"wd-accordion wd-style-default\" data-state=\"first\">\n\t\t\t\t\t\t\t\n\t\t\t\t<div class=\"wd-accordion-item\">\n\t\t\t\t\t<div class=\"wd-accordion-title wd-active text-left wd-opener-pos-right\" data-accordion-index=\"0\">\n\t\t\t\t\t\t<div class=\"wd-accordion-title-text\">\n\t\t\t\t\t\t\t\t\t\t\t\t\t\t<span>\n\t\t\t\t\t\t\t\t Why should I visit 2026 Barcelona Textile Expo?\t\t\t\t\t\t\t<\/span>\n\t\t\t\t\t\t<\/div>\n\t\t\t\t\t\t<span class=\"wd-accordion-opener wd-opener-style-arrow\"><\/span>\n\t\t\t\t\t<\/div>\n\n\t\t\t\t\t<div class=\"wd-accordion-content reset-last-child wd-active\" data-accordion-index=\"0\">\n\t\t\t\t\t\t\t\t\t\t\t\t\t\n\t\t\t\t\t\t\t<div class=\"pp_accordion_close has_icon ui-accordion ui-widget ui-helper-reset\" role=\"tablist\"><div id=\"ui-id-2\" class=\"ui-accordion-content ui-corner-bottom ui-helper-reset ui-widget-content ui-accordion-content-active\" role=\"tabpanel\" aria-labelledby=\"ui-id-1\" aria-hidden=\"false\"><p>Barcelona Textile Expo es una oportunidad exclusiva para conseguir tejidos y prendas directamente de los fabricantes a precios atractivos.<\/p><\/div><\/div>\n\t\t\t\t\t\t\t\t\t\t\t\t\t\t\t\t\t\t<\/div>\n\t\t\t\t<\/div>\n\t\t\t\t\t\t\t\n\t\t\t\t<div class=\"wd-accordion-item\">\n\t\t\t\t\t<div class=\"wd-accordion-title text-left wd-opener-pos-right\" data-accordion-index=\"1\">\n\t\t\t\t\t\t<div class=\"wd-accordion-title-text\">\n\t\t\t\t\t\t\t\t\t\t\t\t\t\t<span>\n\t\t\t\t\t\t\t\t\u00bfLa entrada es gratuita?\t\t\t\t\t\t\t<\/span>\n\t\t\t\t\t\t<\/div>\n\t\t\t\t\t\t<span class=\"wd-accordion-opener wd-opener-style-arrow\"><\/span>\n\t\t\t\t\t<\/div>\n\n\t\t\t\t\t<div class=\"wd-accordion-content reset-last-child\" data-accordion-index=\"1\">\n\t\t\t\t\t\t\t\t\t\t\t\t\t\n\t\t\t\t\t\t\t<p>La entrada es gratuita con inscripci\u00f3n previa en la entrada<\/p>\n\t\t\t\t\t\t\t\t\t\t\t\t\t\t\t\t\t\t<\/div>\n\t\t\t\t<\/div>\n\t\t\t\t\t\t\t\n\t\t\t\t<div class=\"wd-accordion-item\">\n\t\t\t\t\t<div class=\"wd-accordion-title text-left wd-opener-pos-right\" data-accordion-index=\"2\">\n\t\t\t\t\t\t<div class=\"wd-accordion-title-text\">\n\t\t\t\t\t\t\t\t\t\t\t\t\t\t<span>\n\t\t\t\t\t\t\t\t\u00bfC\u00f3mo puedo registrarme en l\u00ednea sin esperar en la entrada?\t\t\t\t\t\t\t<\/span>\n\t\t\t\t\t\t<\/div>\n\t\t\t\t\t\t<span class=\"wd-accordion-opener wd-opener-style-arrow\"><\/span>\n\t\t\t\t\t<\/div>\n\n\t\t\t\t\t<div class=\"wd-accordion-content reset-last-child\" data-accordion-index=\"2\">\n\t\t\t\t\t\t\t\t\t\t\t\t\t\n\t\t\t\t\t\t\t<p>Puede completar el formulario de registro desde https:\/\/textile.ftsonlineregistry.com\/ y recibir su insignia en l\u00ednea por correo electr\u00f3nico.<\/p>\n\t\t\t\t\t\t\t\t\t\t\t\t\t\t\t\t\t\t<\/div>\n\t\t\t\t<\/div>\n\t\t\t\t\t\t\t\n\t\t\t\t<div class=\"wd-accordion-item\">\n\t\t\t\t\t<div class=\"wd-accordion-title text-left wd-opener-pos-right\" data-accordion-index=\"3\">\n\t\t\t\t\t\t<div class=\"wd-accordion-title-text\">\n\t\t\t\t\t\t\t\t\t\t\t\t\t\t<span>\n\t\t\t\t\t\t\t\t\u00bfBarcelona Textile Expo es para profesionales o para p\u00fablico en general?\t\t\t\t\t\t\t<\/span>\n\t\t\t\t\t\t<\/div>\n\t\t\t\t\t\t<span class=\"wd-accordion-opener wd-opener-style-arrow\"><\/span>\n\t\t\t\t\t<\/div>\n\n\t\t\t\t\t<div class=\"wd-accordion-content reset-last-child\" data-accordion-index=\"3\">\n\t\t\t\t\t\t\t\t\t\t\t\t\t\n\t\t\t\t\t\t\t<p>Barcelona Textile Expo es un evento profesional que tiene como objetivo crear relaciones comerciales entre productores de textiles y tejidos y fabricantes de prendas confeccionadas. El evento es para profesionales pero no para el p\u00fablico.<\/p>\n\t\t\t\t\t\t\t\t\t\t\t\t\t\t\t\t\t\t<\/div>\n\t\t\t\t<\/div>\n\t\t\t\t\t\t\t\n\t\t\t\t<div class=\"wd-accordion-item\">\n\t\t\t\t\t<div class=\"wd-accordion-title text-left wd-opener-pos-right\" data-accordion-index=\"4\">\n\t\t\t\t\t\t<div class=\"wd-accordion-title-text\">\n\t\t\t\t\t\t\t\t\t\t\t\t\t\t<span>\n\t\t\t\t\t\t\t\tQuiero brindar servicios de externalizaci\u00f3n para el evento. \u00bfC\u00f3mo debo proceder?\t\t\t\t\t\t\t<\/span>\n\t\t\t\t\t\t<\/div>\n\t\t\t\t\t\t<span class=\"wd-accordion-opener wd-opener-style-arrow\"><\/span>\n\t\t\t\t\t<\/div>\n\n\t\t\t\t\t<div class=\"wd-accordion-content reset-last-child\" data-accordion-index=\"4\">\n\t\t\t\t\t\t\t\t\t\t\t\t\t\n\t\t\t\t\t\t\t<div class=\"pp_accordion_close has_icon ui-accordion ui-widget ui-helper-reset\" role=\"tablist\"><div id=\"ui-id-10\" class=\"ui-accordion-content ui-corner-bottom ui-helper-reset ui-widget-content ui-accordion-content-active\" role=\"tabpanel\" aria-labelledby=\"ui-id-9\" aria-hidden=\"false\"><p>Por favor env\u00ede un correo electr\u00f3nico a eakcok@meridyenfair.com para su consulta o rellene nuestro formulario de contacto.<\/p><\/div><\/div>\n\t\t\t\t\t\t\t\t\t\t\t\t\t\t\t\t\t\t<\/div>\n\t\t\t\t<\/div>\n\t\t\t\t\t<\/div>\n\t\t\t\t\t\t<\/div>\n\t\t\t\t<\/div>\n\t\t\t\t<div class=\"elementor-element elementor-element-500717e elementor-widget elementor-widget-wd_title\" data-id=\"500717e\" data-element_type=\"widget\" data-widget_type=\"wd_title.default\">\n\t\t\t\t<div class=\"elementor-widget-container\">\n\t\t\t\t\t\t\t<div class=\"title-wrapper set-mb-s reset-last-child wd-title-color-default wd-title-style-default wd-title-size-default text-left\">\n\n\t\t\t\n\t\t\t<div class=\"liner-continer\">\n\t\t\t\t<h4 class=\"woodmart-title-container title wd-fontsize-l\"><h1>Preparaci\u00f3n y Horario de Visitas<\/h4> \n\t\t\t\t\t\t\t<\/div>\n\n\t\t\t\t\t<\/div>\n\t\t\t\t\t\t<\/div>\n\t\t\t\t<\/div>\n\t\t\t\t<div class=\"elementor-element elementor-element-692d978 elementor-widget elementor-widget-wd_accordion\" data-id=\"692d978\" data-element_type=\"widget\" data-widget_type=\"wd_accordion.default\">\n\t\t\t\t<div class=\"elementor-widget-container\">\n\t\t\t\t\t\n\t\t<div class=\"wd-accordion wd-style-default\" data-state=\"first\">\n\t\t\t\t\t\t\t\n\t\t\t\t<div class=\"wd-accordion-item\">\n\t\t\t\t\t<div class=\"wd-accordion-title wd-active text-left wd-opener-pos-right\" data-accordion-index=\"0\">\n\t\t\t\t\t\t<div class=\"wd-accordion-title-text\">\n\t\t\t\t\t\t\t\t\t\t\t\t\t\t<span>\n\t\t\t\t\t\t\t\t \u00bfCu\u00e1l es la fecha\/horario de preparaci\u00f3n de los expositores?\t\t\t\t\t\t\t<\/span>\n\t\t\t\t\t\t<\/div>\n\t\t\t\t\t\t<span class=\"wd-accordion-opener wd-opener-style-arrow\"><\/span>\n\t\t\t\t\t<\/div>\n\n\t\t\t\t\t<div class=\"wd-accordion-content reset-last-child wd-active\" data-accordion-index=\"0\">\n\t\t\t\t\t\t\t\t\t\t\t\t\t\n\t\t\t\t\t\t\t<div class=\"pp_accordion_close has_icon ui-accordion ui-widget ui-helper-reset\" role=\"tablist\"><div id=\"ui-id-2\" class=\"ui-accordion-content ui-corner-bottom ui-helper-reset ui-widget-content ui-accordion-content-active\" role=\"tabpanel\" aria-labelledby=\"ui-id-1\" aria-hidden=\"false\"><p>Our exhibitors can make their preparations on 12 January 2026 between 10:00 am to 17:00 pm<\/p><\/div><\/div>\n\t\t\t\t\t\t\t\t\t\t\t\t\t\t\t\t\t\t<\/div>\n\t\t\t\t<\/div>\n\t\t\t\t\t\t\t\n\t\t\t\t<div class=\"wd-accordion-item\">\n\t\t\t\t\t<div class=\"wd-accordion-title text-left wd-opener-pos-right\" data-accordion-index=\"1\">\n\t\t\t\t\t\t<div class=\"wd-accordion-title-text\">\n\t\t\t\t\t\t\t\t\t\t\t\t\t\t<span>\n\t\t\t\t\t\t\t\t\u00bfCu\u00e1les son las horas de visita de Barcelona Textile expo?\t\t\t\t\t\t\t<\/span>\n\t\t\t\t\t\t<\/div>\n\t\t\t\t\t\t<span class=\"wd-accordion-opener wd-opener-style-arrow\"><\/span>\n\t\t\t\t\t<\/div>\n\n\t\t\t\t\t<div class=\"wd-accordion-content reset-last-child\" data-accordion-index=\"1\">\n\t\t\t\t\t\t\t\t\t\t\t\t\t\n\t\t\t\t\t\t\t<div class=\"pp_accordion_close has_icon ui-accordion ui-widget ui-helper-reset\" role=\"tablist\"><div id=\"ui-id-14\" class=\"ui-accordion-content ui-corner-bottom ui-helper-reset ui-widget-content ui-accordion-content-active\" role=\"tabpanel\" aria-labelledby=\"ui-id-13\" aria-hidden=\"false\"><p>Visiting hours are\u00a0 from 10:00 am to 17:00 pm in first 2 days. ( The last day show ends at 16:00 )<\/p><\/div><\/div>\n\t\t\t\t\t\t\t\t\t\t\t\t\t\t\t\t\t\t<\/div>\n\t\t\t\t<\/div>\n\t\t\t\t\t<\/div>\n\t\t\t\t\t\t<\/div>\n\t\t\t\t<\/div>\n\t\t\t\t<div class=\"elementor-element elementor-element-38880d7 elementor-widget elementor-widget-wd_title\" data-id=\"38880d7\" data-element_type=\"widget\" data-widget_type=\"wd_title.default\">\n\t\t\t\t<div class=\"elementor-widget-container\">\n\t\t\t\t\t\t\t<div class=\"title-wrapper set-mb-s reset-last-child wd-title-color-default wd-title-style-default wd-title-size-default text-left\">\n\n\t\t\t\n\t\t\t<div class=\"liner-continer\">\n\t\t\t\t<h1 class=\"woodmart-title-container title wd-fontsize-l\"> <h1>\u00bfC\u00f3mo llegar al lugar? <br \/>\n<\/h1> \n\t\t\t\t\t\t\t<\/div>\n\n\t\t\t\t\t<\/div>\n\t\t\t\t\t\t<\/div>\n\t\t\t\t<\/div>\n\t\t\t\t<div class=\"elementor-element elementor-element-8f0d9a5 elementor-widget elementor-widget-wd_accordion\" data-id=\"8f0d9a5\" data-element_type=\"widget\" data-widget_type=\"wd_accordion.default\">\n\t\t\t\t<div class=\"elementor-widget-container\">\n\t\t\t\t\t\n\t\t<div class=\"wd-accordion wd-style-default\" data-state=\"first\">\n\t\t\t\t\t\t\t\n\t\t\t\t<div class=\"wd-accordion-item\">\n\t\t\t\t\t<div class=\"wd-accordion-title wd-active text-left wd-opener-pos-right\" data-accordion-index=\"0\">\n\t\t\t\t\t\t<div class=\"wd-accordion-title-text\">\n\t\t\t\t\t\t\t\t\t\t\t\t\t\t<span>\n\t\t\t\t\t\t\t\tMetro y tren\t\t\t\t\t\t\t<\/span>\n\t\t\t\t\t\t<\/div>\n\t\t\t\t\t\t<span class=\"wd-accordion-opener wd-opener-style-arrow\"><\/span>\n\t\t\t\t\t<\/div>\n\n\t\t\t\t\t<div class=\"wd-accordion-content reset-last-child wd-active\" data-accordion-index=\"0\">\n\t\t\t\t\t\t\t\t\t\t\t\t\t\n\t\t\t\t\t\t\t<div class=\"pp_accordion_close has_icon ui-accordion ui-widget ui-helper-reset\" role=\"tablist\"><div id=\"ui-id-2\" class=\"ui-accordion-content ui-corner-bottom ui-helper-reset ui-widget-content ui-accordion-content-active\" role=\"tabpanel\" aria-labelledby=\"ui-id-1\" aria-hidden=\"false\"><p>En la estaci\u00f3n de Pl. Espa\u00f1a puede encontrar las l\u00edneas L1 y L3 del metro y las l\u00edneas R5, R6, R50, R60, S4, S8 y S33 de FGC (Ferrocarrils de la Generalitat de Catalunya) Espa\u00f1a. Es la estaci\u00f3n m\u00e1s cercana, y de hecho una de las entradas subterr\u00e1neas conduce directamente a la planta -1 del centro comercial Arenas de Barcelona.<\/p><\/div><\/div>\n\t\t\t\t\t\t\t\t\t\t\t\t\t\t\t\t\t\t<\/div>\n\t\t\t\t<\/div>\n\t\t\t\t\t\t\t\n\t\t\t\t<div class=\"wd-accordion-item\">\n\t\t\t\t\t<div class=\"wd-accordion-title text-left wd-opener-pos-right\" data-accordion-index=\"1\">\n\t\t\t\t\t\t<div class=\"wd-accordion-title-text\">\n\t\t\t\t\t\t\t\t\t\t\t\t\t\t<span>\n\t\t\t\t\t\t\t\tAUTOB\u00daS\t\t\t\t\t\t\t<\/span>\n\t\t\t\t\t\t<\/div>\n\t\t\t\t\t\t<span class=\"wd-accordion-opener wd-opener-style-arrow\"><\/span>\n\t\t\t\t\t<\/div>\n\n\t\t\t\t\t<div class=\"wd-accordion-content reset-last-child\" data-accordion-index=\"1\">\n\t\t\t\t\t\t\t\t\t\t\t\t\t\n\t\t\t\t\t\t\t<div class=\"pp_accordion_close has_icon ui-accordion ui-widget ui-helper-reset\" role=\"tablist\"><div id=\"ui-id-14\" class=\"ui-accordion-content ui-corner-bottom ui-helper-reset ui-widget-content ui-accordion-content-active\" role=\"tabpanel\" aria-labelledby=\"ui-id-13\" aria-hidden=\"false\"><p>Gracias a su privilegiada ubicaci\u00f3n, hay una gran cantidad de l\u00edneas de autob\u00fas que paran cerca de FIRA BARCELONA. Las l\u00edneas de autob\u00fas que paran en Pl Espa\u00f1a o sus alrededores son: 9, 13, 23, 27, 37, 46, 50, 55, 65, 79, 91, 109, 141, 150, 165, L70, L72, L80, L81, L86, L87, L94, L95, H12, D20 y el Bus Tur\u00edstico.<\/p><\/div><\/div>\n\t\t\t\t\t\t\t\t\t\t\t\t\t\t\t\t\t\t<\/div>\n\t\t\t\t<\/div>\n\t\t\t\t\t\t\t\n\t\t\t\t<div class=\"wd-accordion-item\">\n\t\t\t\t\t<div class=\"wd-accordion-title text-left wd-opener-pos-right\" data-accordion-index=\"2\">\n\t\t\t\t\t\t<div class=\"wd-accordion-title-text\">\n\t\t\t\t\t\t\t\t\t\t\t\t\t\t<span>\n\t\t\t\t\t\t\t\tVEH\u00cdCULO\t\t\t\t\t\t\t<\/span>\n\t\t\t\t\t\t<\/div>\n\t\t\t\t\t\t<span class=\"wd-accordion-opener wd-opener-style-arrow\"><\/span>\n\t\t\t\t\t<\/div>\n\n\t\t\t\t\t<div class=\"wd-accordion-content reset-last-child\" data-accordion-index=\"2\">\n\t\t\t\t\t\t\t\t\t\t\t\t\t\n\t\t\t\t\t\t\t<p>Fira de Barcelona, situada en una zona muy c\u00e9ntrica de la ciudad de Barcelona, Pl. Espa\u00f1a. Por eso, tiene una excelente comunicaci\u00f3n, ya que la cruzan la Gran Via de Les Corts Catalanes y Parallel y calle Tarragona y la avenida Maria Cristina dirigen all\u00ed.<\/p>\n\t\t\t\t\t\t\t\t\t\t\t\t\t\t\t\t\t\t<\/div>\n\t\t\t\t<\/div>\n\t\t\t\t\t<\/div>\n\t\t\t\t\t\t<\/div>\n\t\t\t\t<\/div>\n\t\t\t\t\t<\/div>\n\t\t<\/div>\n\t\t\t\t\t<\/div>\n\t\t<\/section>\n\t\t\t\t<\/div>","protected":false},"excerpt":{"rendered":"<p>About Event Why should I visit 2026 Barcelona Textile Expo? Barcelona Textile Expo\u00a0 is a unique opportunity to get fabrics<\/p>","protected":false},"author":1,"featured_media":0,"parent":0,"menu_order":0,"comment_status":"closed","ping_status":"closed","template":"","meta":{"_eb_attr":"","footnotes":""},"class_list":["post-4439","page","type-page","status-publish","hentry"],"_links":{"self":[{"href":"https:\/\/barcelonatextileexpo.com\/es\/wp-json\/wp\/v2\/pages\/4439","targetHints":{"allow":["GET"]}}],"collection":[{"href":"https:\/\/barcelonatextileexpo.com\/es\/wp-json\/wp\/v2\/pages"}],"about":[{"href":"https:\/\/barcelonatextileexpo.com\/es\/wp-json\/wp\/v2\/types\/page"}],"author":[{"embeddable":true,"href":"https:\/\/barcelonatextileexpo.com\/es\/wp-json\/wp\/v2\/users\/1"}],"replies":[{"embeddable":true,"href":"https:\/\/barcelonatextileexpo.com\/es\/wp-json\/wp\/v2\/comments?post=4439"}],"version-history":[{"count":55,"href":"https:\/\/barcelonatextileexpo.com\/es\/wp-json\/wp\/v2\/pages\/4439\/revisions"}],"predecessor-version":[{"id":13091,"href":"https:\/\/barcelonatextileexpo.com\/es\/wp-json\/wp\/v2\/pages\/4439\/revisions\/13091"}],"wp:attachment":[{"href":"https:\/\/barcelonatextileexpo.com\/es\/wp-json\/wp\/v2\/media?parent=4439"}],"curies":[{"name":"wp","href":"https:\/\/api.w.org\/{rel}","templated":true}]}}